{"id":149,"date":"2024-04-25T13:59:44","date_gmt":"2024-04-25T11:59:44","guid":{"rendered":"https:\/\/www.bruno-chiapello.fr\/?page_id=149"},"modified":"2025-10-28T14:28:01","modified_gmt":"2025-10-28T13:28:01","slug":"a-propos","status":"publish","type":"page","link":"https:\/\/www.bruno-chiapello.fr\/index.php\/a-propos\/","title":{"rendered":"A propos"},"content":{"rendered":"<p>[et_pb_section fb_built=\u00a0\u00bb1&Prime; _builder_version=\u00a0\u00bb4.15.1&Prime; _module_preset=\u00a0\u00bbdefault\u00a0\u00bb custom_padding=\u00a0\u00bb||6px|||\u00a0\u00bb global_colors_info=\u00a0\u00bb{}\u00a0\u00bb][et_pb_row column_structure=\u00a0\u00bb1_4,3_4&Prime; _builder_version=\u00a0\u00bb4.15.1&Prime; _module_preset=\u00a0\u00bbdefault\u00a0\u00bb min_height=\u00a0\u00bb320px\u00a0\u00bb custom_margin=\u00a0\u00bb|auto|-59px|auto||\u00a0\u00bb custom_padding=\u00a0\u00bb7px||18px|||\u00a0\u00bb global_colors_info=\u00a0\u00bb{}\u00a0\u00bb][et_pb_column type=\u00a0\u00bb1_4&Prime; _builder_version=\u00a0\u00bb4.15.1&Prime; _module_preset=\u00a0\u00bbdefault\u00a0\u00bb global_colors_info=\u00a0\u00bb{}\u00a0\u00bb][et_pb_image src=\u00a0\u00bbhttps:\/\/www.bruno-chiapello.fr\/wp-content\/uploads\/2024\/04\/logo-BC.png\u00a0\u00bb title_text=\u00a0\u00bblogo BC\u00a0\u00bb url=\u00a0\u00bb@ET-DC@eyJkeW5hbWljIjp0cnVlLCJjb250ZW50IjoiaG9tZV91cmwiLCJzZXR0aW5ncyI6e319@\u00a0\u00bb _builder_version=\u00a0\u00bb4.15.1&Prime; _dynamic_attributes=\u00a0\u00bburl\u00a0\u00bb _module_preset=\u00a0\u00bbdefault\u00a0\u00bb width=\u00a0\u00bb99%\u00a0\u00bb max_width=\u00a0\u00bb90%\u00a0\u00bb global_colors_info=\u00a0\u00bb{}\u00a0\u00bb][\/et_pb_image][\/et_pb_column][et_pb_column type=\u00a0\u00bb3_4&Prime; _builder_version=\u00a0\u00bb4.15.1&Prime; _module_preset=\u00a0\u00bbdefault\u00a0\u00bb global_colors_info=\u00a0\u00bb{}\u00a0\u00bb][et_pb_menu menu_id=\u00a0\u00bb8&Prime; active_link_color=\u00a0\u00bb#000000&Prime; menu_icon_color=\u00a0\u00bb#000000&Prime; _builder_version=\u00a0\u00bb4.15.1&Prime; _module_preset=\u00a0\u00bbdefault\u00a0\u00bb menu_font=\u00a0\u00bbOswald||||||||\u00a0\u00bb menu_text_color=\u00a0\u00bb#B3B3B3&Prime; menu_font_size=\u00a0\u00bb16px\u00a0\u00bb min_height=\u00a0\u00bb34px\u00a0\u00bb custom_margin=\u00a0\u00bb13px|||||\u00a0\u00bb custom_padding=\u00a0\u00bb||||false|false\u00a0\u00bb global_colors_info=\u00a0\u00bb{}\u00a0\u00bb][\/et_pb_menu][et_pb_menu active_link_color=\u00a0\u00bb#000000&Prime; menu_icon_color=\u00a0\u00bb#000000&Prime; _builder_version=\u00a0\u00bb4.15.1&Prime; _module_preset=\u00a0\u00bbdefault\u00a0\u00bb menu_font=\u00a0\u00bbOswald||||||||\u00a0\u00bb menu_text_color=\u00a0\u00bb#B3B3B3&Prime; menu_font_size=\u00a0\u00bb16px\u00a0\u00bb min_height=\u00a0\u00bb82px\u00a0\u00bb custom_margin=\u00a0\u00bb35px||15px|||\u00a0\u00bb custom_padding=\u00a0\u00bb0px||||false|false\u00a0\u00bb global_colors_info=\u00a0\u00bb{}\u00a0\u00bb][\/et_pb_menu][\/et_pb_column][\/et_pb_row][\/et_pb_section][et_pb_section fb_built=\u00a0\u00bb1&Prime; _builder_version=\u00a0\u00bb4.15.1&Prime; _module_preset=\u00a0\u00bbdefault\u00a0\u00bb custom_padding=\u00a0\u00bb0px|||||\u00a0\u00bb global_colors_info=\u00a0\u00bb{}\u00a0\u00bb][et_pb_row use_custom_gutter=\u00a0\u00bbon\u00a0\u00bb gutter_width=\u00a0\u00bb1&Prime; make_equal=\u00a0\u00bbon\u00a0\u00bb _builder_version=\u00a0\u00bb4.15.1&Prime; _module_preset=\u00a0\u00bbdefault\u00a0\u00bb global_colors_info=\u00a0\u00bb{}\u00a0\u00bb][et_pb_column type=\u00a0\u00bb4_4&Prime; _builder_version=\u00a0\u00bb4.15.1&Prime; _module_preset=\u00a0\u00bbdefault\u00a0\u00bb background_color=\u00a0\u00bbRGBA(255,255,255,0)\u00a0\u00bb global_colors_info=\u00a0\u00bb{}\u00a0\u00bb][et_pb_text _builder_version=\u00a0\u00bb4.15.1&Prime; _module_preset=\u00a0\u00bbdefault\u00a0\u00bb custom_padding=\u00a0\u00bb||23px|||\u00a0\u00bb global_colors_info=\u00a0\u00bb{}\u00a0\u00bb]<\/p>\n<p>PEINTURE<br \/><span><\/span><span>Mon travail propose un vocabulaire visuel d\u2019abstraction contr\u00f4l\u00e9e.<span class=\"Apple-converted-space\">\u00a0<\/span><\/span><span>D\u2019un c\u00f4t\u00e9, on rel\u00e8ve des blocs g\u00e9om\u00e9triques, des plans superpos\u00e9s,<span class=\"Apple-converted-space\">\u00a0<\/span><\/span><span>un jeu de transparences<span class=\"Apple-converted-space\">\u00a0 <\/span>notamment quand le blanc intervient comme<span class=\"Apple-converted-space\">\u00a0<\/span><\/span><span>masque et r\u00e9v\u00e8le une nouvelle perspective, de l\u2019autre, cette g\u00e9om\u00e9trie ne reste pas fig\u00e9e : elle se brise, se relie, se lib\u00e8re. Je parle de \u00ab brutal ou plus organique \u00bb pour qualifier cette imbrication.<span class=\"Apple-converted-space\">\u00a0<\/span><\/span><span>Cette dualit\u00e9, rigueur\/graphisme et instabilit\u00e9\/\u00e9motion, est centrale: chaque \u0153uvre est con\u00e7ue comme une sorte d\u2019autoportrait.<span class=\"Apple-converted-space\">\u00a0<\/span><\/span><span>Brutal, g\u00e9om\u00e9trique ou plus sensuel, illustration du reflet de mes<span class=\"Apple-converted-space\">\u00a0<\/span><\/span><span>\u00e9motions du moment \u00bb.<span class=\"Apple-converted-space\">\u00a0<br \/><\/span><\/span><span>Ainsi, mon travail ne se contente pas d\u2019une abstraction froide, mais je cherche \u00e0 injecter un v\u00e9cu, une temporalit\u00e9, un mouvement \u00e9motionnel.<\/span><\/p>\n<p>SCULPTURE\/CERAMIQUE<br \/><span><\/span>Je travaille mes sculptures comme des constructions architecturales primitives et brutalistes, avec des lignes massives, des ar\u00eates franches, et une verticalit\u00e9 imposante. On pourrait penser \u00e0 une tour, une ruine, un vestige d\u2019un monde ancien et robuste, presque sacr\u00e9. La texture est rugueuse, volontairement brute. Les marques laiss\u00e9es par le travail de la mati\u00e8re sont visibles et participent \u00e0 l\u2019expressivit\u00e9 de l\u2019objet. Cela sugg\u00e8re une volont\u00e9 de laisser parler la main, d\u2019assumer la trace du geste, une esth\u00e9tique proche du wabi-sabi (beaut\u00e9 de l\u2019imparfait). Le brun fonc\u00e9 presque noir rappelle des mat\u00e9riaux comme le bois br\u00fbl\u00e9, le bronze oxyd\u00e9 et m\u00eame certaines pierres volcaniques ce qui donne un aspect tr\u00e8s min\u00e9ral ou m\u00e9tallique. J\u2019essaye de proposer un art primitif avant-gardiste.<span><\/span>\u00a0<\/p>\n<p>[\/et_pb_text][et_pb_divider color=\u00a0\u00bb#D6D6D6&Prime; _builder_version=\u00a0\u00bb4.15.1&Prime; _module_preset=\u00a0\u00bbdefault\u00a0\u00bb custom_padding=\u00a0\u00bb||29px|||\u00a0\u00bb global_colors_info=\u00a0\u00bb{}\u00a0\u00bb][\/et_pb_divider][et_pb_text _builder_version=\u00a0\u00bb4.15.1&Prime; _module_preset=\u00a0\u00bbdefault\u00a0\u00bb global_colors_info=\u00a0\u00bb{}\u00a0\u00bb]<\/p>\n<p>\u00a0<span>EXPOSITIONS<\/span><\/p>\n<p>\u00a0<strong>2021<\/strong><\/p>\n<p>\u2022 Galerie d\u2019art Substance &#8211; Villeurbanne<span class=\"Apple-converted-space\">\u00a0<\/span><\/p>\n<p>\u2022 Galerie LUNE &#8211; Gap<span class=\"Apple-converted-space\">\u00a0<\/span><\/p>\n<p>\u2022 Galerie L\u2019Art Demeure &#8211; Saint-Etienne<\/p>\n<p><strong>2022<\/strong><\/p>\n<p>\u2022 Salon d\u2019art Regain Art Lyon &#8211; Lyon<\/p>\n<p>\u2022 Salon d\u2019art Sol\u2019Art &#8211; Tassin la demi-lune<\/p>\n<p>\u2022 Salon d\u2019art Art3f &#8211; Lyon<\/p>\n<p>\u2022 Salon d\u2019art &#8211; Chatou\/Paris<\/p>\n<p><strong>2023<\/strong><\/p>\n<p>\u2022 Salon d\u2019art Regain Art Lyon &#8211; Lyon<\/p>\n<p>\u2022 Galerie d&rsquo;art Les Terres de l\u2019Hermitage &#8211; Le Puy en Velay<\/p>\n<p>\u2022 Salon d\u2019art Sol\u2019Art &#8211; Tassin la demi-lune<\/p>\n<p>\u2022 Salon d\u2019art &#8211; Beynost<\/p>\n<p>\u2022 Galerie d\u2019art de la Tour &#8211; Lyon<\/p>\n<p>\u2022 Galerie d\u2019art Sablon Art &#8211; Bruxelles<\/p>\n<p>\u2022 Salon d\u2019art &#8211; Cours la ville<\/p>\n<p>\u2022 Galerie d\u2019art Rue des Artistes &#8211; Saint-Etienne<\/p>\n<p><strong>2024<\/strong><\/p>\n<p>\u2022 Galerie d\u2019art Entrevue &#8211; Charbonni\u00e8re les Bains<strong><\/strong><\/p>\n<p>\u2022 111 des Arts &#8211; Lyon<\/p>\n<p>\u2022 Salon d\u2019art Regain Art Lyon &#8211; Lyon<\/p>\n<p>\u2022 Salon d\u2019art Sol\u2019Art &#8211; Tassin la demi-lune<\/p>\n<p>\u2022 Villa d\u2019art Monderoux &#8211; Beynost<\/p>\n<p>\u2022 Hall des Blancs Manteaux &#8211; Paris<\/p>\n<p>\u2022 Art Cit\u00e9 &#8211; Bourg-en-Bresse<\/p>\n<p>\u2022 Rendez-vous des artistes &#8211; Saint-Cyr au mont d&rsquo;or<\/p>\n<p>\u2022 Le Lobster &#8211; Saint-Etienne<\/p>\n<p>\u2022 Salon Art actuel &#8211; Chazelles-sur-Lyon<\/p>\n<p><strong>2025<\/strong><\/p>\n<p>\u2022 Bastille design center &#8211; Paris<\/p>\n<p>\u2022 Galerie d\u2019art Sablon Art &#8211; Bruxelles<\/p>\n<p>\u2022 Villa d\u2019art Monderoux &#8211; Beynost<\/p>\n<p>\u2022 Galerie d\u2019art XXI &#8211; Montbrison<\/p>\n<p>\u2022 Galerie d\u2019art Catherine Mainguy &#8211; Lyon<\/p>\n<p>\u2022 Salon Art actuel &#8211; Chazelles-sur-Lyon<\/p>\n<p>&nbsp;<\/p>\n<p>&nbsp;<\/p>\n<p>[\/et_pb_text][\/et_pb_column][\/et_pb_row][\/et_pb_section][et_pb_section fb_built=\u00a0\u00bb1&Prime; _builder_version=\u00a0\u00bb4.15.1&Prime; _module_preset=\u00a0\u00bbdefault\u00a0\u00bb custom_padding=\u00a0\u00bb41px|||||\u00a0\u00bb border_width_top=\u00a0\u00bb1px\u00a0\u00bb border_color_top=\u00a0\u00bb#D6D6D6&Prime; global_colors_info=\u00a0\u00bb{}\u00a0\u00bb][et_pb_row column_structure=\u00a0\u00bb2_5,3_5&Prime; _builder_version=\u00a0\u00bb4.15.1&Prime; _module_preset=\u00a0\u00bbdefault\u00a0\u00bb custom_padding=\u00a0\u00bb10px||3px|||\u00a0\u00bb global_colors_info=\u00a0\u00bb{}\u00a0\u00bb][et_pb_column type=\u00a0\u00bb2_5&Prime; _builder_version=\u00a0\u00bb4.15.1&Prime; _module_preset=\u00a0\u00bbdefault\u00a0\u00bb global_colors_info=\u00a0\u00bb{}\u00a0\u00bb][et_pb_text _builder_version=\u00a0\u00bb4.15.1&Prime; _module_preset=\u00a0\u00bbdefault\u00a0\u00bb global_colors_info=\u00a0\u00bb{}\u00a0\u00bb]<\/p>\n<p>\u00a92024 Bruno Chiapello &#8211; Mentions l\u00e9gales<\/p>\n<p>[\/et_pb_text][\/et_pb_column][et_pb_column type=\u00a0\u00bb3_5&Prime; _builder_version=\u00a0\u00bb4.15.1&Prime; _module_preset=\u00a0\u00bbdefault\u00a0\u00bb global_colors_info=\u00a0\u00bb{}\u00a0\u00bb][\/et_pb_column][\/et_pb_row][\/et_pb_section]<\/p>\n","protected":false},"excerpt":{"rendered":"<p>PEINTUREMon travail propose un vocabulaire visuel d\u2019abstraction contr\u00f4l\u00e9e.\u00a0D\u2019un c\u00f4t\u00e9, on rel\u00e8ve des blocs g\u00e9om\u00e9triques, des plans superpos\u00e9s,\u00a0un jeu de transparences\u00a0 notamment quand le blanc intervient comme\u00a0masque et r\u00e9v\u00e8le une nouvelle perspective, de l\u2019autre, cette g\u00e9om\u00e9trie ne reste pas fig\u00e9e : elle se brise, se relie, se lib\u00e8re. Je parle de \u00ab brutal ou plus organique [&hellip;]<\/p>\n","protected":false},"author":1,"featured_media":0,"parent":0,"menu_order":0,"comment_status":"closed","ping_status":"closed","template":"","meta":{"_et_pb_use_builder":"on","_et_pb_old_content":"","_et_gb_content_width":"","footnotes":""},"class_list":["post-149","page","type-page","status-publish","hentry"],"_links":{"self":[{"href":"https:\/\/www.bruno-chiapello.fr\/index.php\/wp-json\/wp\/v2\/pages\/149","targetHints":{"allow":["GET"]}}],"collection":[{"href":"https:\/\/www.bruno-chiapello.fr\/index.php\/wp-json\/wp\/v2\/pages"}],"about":[{"href":"https:\/\/www.bruno-chiapello.fr\/index.php\/wp-json\/wp\/v2\/types\/page"}],"author":[{"embeddable":true,"href":"https:\/\/www.bruno-chiapello.fr\/index.php\/wp-json\/wp\/v2\/users\/1"}],"replies":[{"embeddable":true,"href":"https:\/\/www.bruno-chiapello.fr\/index.php\/wp-json\/wp\/v2\/comments?post=149"}],"version-history":[{"count":5,"href":"https:\/\/www.bruno-chiapello.fr\/index.php\/wp-json\/wp\/v2\/pages\/149\/revisions"}],"predecessor-version":[{"id":377,"href":"https:\/\/www.bruno-chiapello.fr\/index.php\/wp-json\/wp\/v2\/pages\/149\/revisions\/377"}],"wp:attachment":[{"href":"https:\/\/www.bruno-chiapello.fr\/index.php\/wp-json\/wp\/v2\/media?parent=149"}],"curies":[{"name":"wp","href":"https:\/\/api.w.org\/{rel}","templated":true}]}}